{"id":1878,"date":"2016-05-30T08:13:15","date_gmt":"2016-05-30T08:13:15","guid":{"rendered":"https:\/\/www.catedraldepamplona.com\/fr\/?page_id=1878"},"modified":"2023-10-16T15:38:49","modified_gmt":"2023-10-16T15:38:49","slug":"el-museo","status":"publish","type":"page","link":"https:\/\/www.catedraldepamplona.com\/fr\/el-museo\/","title":{"rendered":"LE MUS\u00c9E DE LA CATH\u00c9DRALE DE PAMPELUNE"},"content":{"rendered":"<div class='row'><div style='padding-bottom:50px;' class='span12 first-module module_number_1 module_cont  module_html'>\n                <div class='module_content'>\n                    <img src=\"https:\/\/www.catedraldepamplona.com\/wp-content\/uploads\/MUSEOPORTADA.webp\"\/>\n                <\/div><\/div><!-- .module_cont --><\/div><div class='row'><div style='padding-bottom:50px;' class='span8  module_number_2 module_cont  module_promo_text'>\n\t\t\t<div class=\"shortcode_promoblock  no_button_text  no_button_link \">\n\t\t\t\t<div class=\"promoblock_wrapper\">\n\t\t\t\t\t<div class=\"promo_text_block\">\n\t\t\t\t\t\t<div class=\"promo_text_block_wrapper\">\n\t\t\t\t\t\t\t<h3  class='promo_title'>HORAIRES DU MUS\u00c9E<\/h3>\n\t\t\t\t\t\t\t<span ><strong>HORAIRE PRINTEMPS - \u00c9T\u00c9:<\/strong> A partir de la derni\u00e8re semaine de mars, du lundi au samedi. Ferm\u00e9 le dimanche Ouverture : 10h30 Dernier acc\u00e8s et fermeture billetterie : 18h Fermeture : 19h (lexpulsion des salles commence 15 minutes avant la fermeture)<strong> HORAIRES AUTOMNE - HIVER:<\/strong>  A partir du derni\u00e8re semaine doctobre, du lundi au samedi. Dimanche ferm\u00e9 Ouverture : 10h30 Dernier acc\u00e8s et fermeture billetterie : 16h00 Fermeture : 17h00 (lexpulsion des salles commence 15 minutes avant la fermeture)<strong> VISITES GUID\u00c9ES EN ESPAGNOL:<\/strong>Avec mus\u00e9e ouvert 12:00h (Max. 25 personnes)<strong> MONT\u00c9E \u00c0 LA CLOCHE MAR\u00cdA:<\/strong> Tous les jours 11h15, apr\u00e8s avoir r\u00e9cup\u00e9r\u00e9 le num\u00e9ro, ferm\u00e9 les dimanches<strong> VISITES GUID\u00c9ES: <\/strong><a href=\"\/fr\/contacto\/\"> consulter<\/a><\/span>\n\t\t\t\t\t\t<\/div>\n\t\t\t\t\t<\/div>\n\t\t\t\t\t\t\n\t\t\t\t<\/div>\n\t\t\t<\/div>\n            <div class=\"clear\"><\/div>\n\t\t\t<\/div><!-- .module_cont --><div style='padding-bottom:50px;' class='span4  module_number_3 module_cont  module_promo_text'>\n\t\t\t<div class=\"shortcode_promoblock  no_button_text  no_button_link \">\n\t\t\t\t<div class=\"promoblock_wrapper\">\n\t\t\t\t\t<div class=\"promo_text_block\">\n\t\t\t\t\t\t<div class=\"promo_text_block_wrapper\">\n\t\t\t\t\t\t\t<h3  class='promo_title'>TARIF D\u2019ACC\u00c8S<\/h3>\n\t\t\t\t\t\t\t<span > <strong>Adultes<\/strong> 5\u20ac  <br \/><strong>Enfants moins de 7 ans<\/strong> 0\u20ac<br \/>  <strong>Enfants de 7 \u00e0 13 ans<\/strong> 3\u20ac<br \/>  <strong>P\u00e8lerins<\/strong> 3\u20ac <br \/> <strong>G. d`\u00e9coliers +15 personnes<\/strong> 2,50\u20ac<br \/>  <strong>Pensionnaires<\/strong> 4\u20ac <br \/> <strong>Carte jeunes<\/strong> 4\u20ac<br \/>  <strong>Groupes +15 personnes<\/strong> 4\u20ac<br \/>  <strong>Autres options<\/strong><a href=\"\/fr\/contacto\/\"> consulter<\/a><\/span>\n\t\t\t\t\t\t<\/div>\n\t\t\t\t\t<\/div>\n\t\t\t\t\t\t\n\t\t\t\t<\/div>\n\t\t\t<\/div>\n            <div class=\"clear\"><\/div>\n\t\t\t<\/div><!-- .module_cont --><\/div><div class='row'><div style='padding-bottom:50px;' class='span12  module_number_4 module_cont center_title module_html'><div class='bg_title'><h1 style='text-align:center;' class='headInModule'>PLAN DE LA CATH\u00c9DRALE DE PAMPELUNE<\/h1><\/div>\n                <div class='module_content'>\n                    <a href=\"https:\/\/www.catedraldepamplona.com\/fr\/el-museo\/plano\/\"><img src=\"https:\/\/www.catedraldepamplona.com\/wp-content\/uploads\/PLANOGENERALNEW.webp\" width=\"100%\" \/><\/a>\n                <\/div><\/div><!-- .module_cont --><\/div><div class='row'><div style='padding-bottom:50px;' class='span12  module_number_5 module_cont center_title module_title'><div class='bg_title'><h1 style='text-align:center;' class='headInModule'>SALLES PRINCIPALES DE LA CATH\u00c9DRALE DE PAMPELUNE<\/h1><\/div><\/div><!-- .module_cont --><\/div><div class='row'><div style='padding-bottom:50px;' class='span6  module_number_6 module_cont  module_accordion'><div class='shortcode_accordion_shortcode accordion'><h5 data-count='1' class='shortcode_accordion_item_title expanded_no'>0 FA\u00c7ADE<span class='ico'><\/span><\/h5><div class='shortcode_accordion_item_body'><div class='ip'><div style=\"overflow: hidden;\">\r\n<p><img style=\"float: left; width: 150px; margin-right: 10px;\" src=\"\/wp-content\/uploads\/2016\/06\/fachada01-150x150.jpg\" \/><\/p>\r\n<p style=\"font-size: 12px;\">Construite entre 1782 et 1804 par Santos &Aacute;ngel Ochand&aacute;tegui selon le plan de Ventura Rodr&iacute;guez.<\/p>\r\n<p style=\"font-size: 20px;\"><a href=\"\/fr\/el-museo\/estancias\/fachada\/\">FICHE<\/a><\/p>\r\n<\/div><\/div><\/div><h5 data-count='2' class='shortcode_accordion_item_title expanded_no'>1 CLOCHES TOUR NORD<span class='ico'><\/span><\/h5><div class='shortcode_accordion_item_body'><div class='ip'><div style=\"overflow: hidden;\">\r\n<p><img style=\"float: left; width: 150px; margin-right: 10px;\" src=\"\/wp-content\/uploads\/2016\/05\/torres-150x150.jpg\" \/><\/p>\r\n<p style=\"font-size: 12px;\">Cloches des heures, Cloche des quartiers, Cloche Maria.<\/p>\r\n<p style=\"font-size: 20px;\"><a href=\"\/fr\/el-museo\/estancias\/campanas-torre-norte\/\">FICHE<\/a><\/p>\r\n<\/div><\/div><\/div><h5 data-count='3' class='shortcode_accordion_item_title expanded_no'>2 CHAPELLE DE SAINT JEAN BAPTISTE<span class='ico'><\/span><\/h5><div class='shortcode_accordion_item_body'><div class='ip'><div style=\"overflow: hidden;\">\r\n<p><img style=\"float: left; width: 150px; margin-right: 10px;\" src=\"\/wp-content\/uploads\/2016\/06\/capilla-de-san-juan-bautista01-150x150.jpg\" \/><\/p>\r\n<p style=\"font-size: 12px;\">Ancienne paroisse de la Navarrer&iacute;a. Le Christ crucifi&eacute; de Juan de Anchieta est dat&eacute; vers 1577. Il s&rsquo;agit de l&rsquo;une des grandes sculptures de la Renaissance navarraise.<\/p>\r\n<p style=\"font-size: 20px;\"><a href=\"\/fr\/el-museo\/estancias\/capilla-de-san-juan-bautista\/\">FICHE<\/a><\/p>\r\n<\/div><\/div><\/div><h5 data-count='4' class='shortcode_accordion_item_title expanded_no'>3 CHAPELLE DE SAINTE CHRISTINE<span class='ico'><\/span><\/h5><div class='shortcode_accordion_item_body'><div class='ip'><div style=\"overflow: hidden;\">\r\n<p><img style=\"float: left; width: 150px; margin-right: 10px;\" src=\"\/wp-content\/uploads\/2016\/06\/capilla-de-santa-cristina01-150x150.jpg\" \/><\/p>\r\n<p style=\"font-size: 12px;\">Le retable du Christ (dernier tiers du XVe si&egrave;cle), de facture gothique, recueille des peintures des proph&egrave;tes et une sculpture du Christ.<\/p>\r\n<p style=\"font-size: 20px;\"><a href=\"\/fr\/el-museo\/estancias\/capilla-de-santa-cristina\/\">FICHE<\/a><\/p>\r\n<\/div><\/div><\/div><h5 data-count='5' class='shortcode_accordion_item_title expanded_no'>4 CHAPELLE DE SAINT JOSEPH<span class='ico'><\/span><\/h5><div class='shortcode_accordion_item_body'><div class='ip'><div style=\"overflow: hidden;\">\r\n<p><img style=\"float: left; width: 150px; margin-right: 10px;\" src=\"\/wp-content\/uploads\/2016\/06\/capilla-de-san-jose01-150x150.jpg\" \/><\/p>\r\n<p style=\"font-size: 12px;\">Jadis appel&eacute;e des &Acirc;mes et de la Trinit&eacute;. Le retable de style baroque de saint Joseph (1691) contient une sculpture de saint Joseph, un relief de saint Thomas et une peinture du Calvaire.<\/p>\r\n<p style=\"font-size: 20px;\"><a href=\"\/fr\/el-museo\/estancias\/capilla-de-san-jose\/\">FICHE<\/a><\/p>\r\n<\/div><\/div><\/div><h5 data-count='6' class='shortcode_accordion_item_title expanded_no'>5 MAUSOL\u00c9E ROYAL<span class='ico'><\/span><\/h5><div class='shortcode_accordion_item_body'><div class='ip'><div style=\"overflow: hidden;\">\r\n<p><img style=\"float: left; width: 150px; margin-right: 10px;\" src=\"\/wp-content\/uploads\/2016\/06\/mausoleo.real_-150x150.jpg\" \/><\/p>\r\n<p style=\"font-size: 12px;\">Le mausol&eacute;e de Charles III le Noble et d&rsquo;El&eacute;onore de Trastamara a &eacute;t&eacute; r&eacute;alis&eacute; en alb&acirc;tre et en marbre noir par Jehan Lome de Tournay, entre 1413 et 1419.<\/p>\r\n<p style=\"font-size: 20px;\"><a href=\"\/fr\/el-museo\/estancias\/mausoleo-real\/\">FICHE<\/a><\/p>\r\n<\/div><\/div><\/div><h5 data-count='7' class='shortcode_accordion_item_title expanded_no'>6 CHAPELLE DE SAINT MARTIN<span class='ico'><\/span><\/h5><div class='shortcode_accordion_item_body'><div class='ip'><div style=\"overflow: hidden;\">\r\n<p><img style=\"float: left; width: 150px; margin-right: 10px;\" src=\"\/wp-content\/uploads\/2016\/06\/capilla-de-san-martin01-150x150.jpg\" \/><\/p>\r\n<p style=\"font-size: 12px;\">Aussi appel&eacute;e des Reliques car elle contient les Reliques de saint Innocent. Le retables des Reliques (1643) se compose d&rsquo;un petit retable de treize peintures en cuivre et de l&rsquo;image de la Vierge avec l&rsquo;Enfant.<\/p>\r\n<p style=\"font-size: 20px;\"><a href=\"\/fr\/el-museo\/estancias\/capilla-de-san-martin\/\">FICHE<\/a><\/p>\r\n<\/div><\/div><\/div><h5 data-count='8' class='shortcode_accordion_item_title expanded_no'>7 BRAS NORD DE LA CROIS\u00c9E<span class='ico'><\/span><\/h5><div class='shortcode_accordion_item_body'><div class='ip'><div style=\"overflow: hidden;\">\r\n<p><img style=\"float: left; width: 150px; margin-right: 10px;\" src=\"\/wp-content\/uploads\/2016\/06\/brazo-norte-del-crucero01-150x150.jpg\" \/><\/p>\r\n<p style=\"font-size: 12px;\">L&rsquo;orgue de la cath&eacute;drale date de 1946, et se compose de pr&egrave;s de 2.700 tuyaux.<\/p>\r\n<p style=\"font-size: 20px;\"><a href=\"\/fr\/el-museo\/estancias\/brazo-norte-del-crucero\/\">FICHE<\/a><\/p>\r\n<\/div><\/div><\/div><h5 data-count='9' class='shortcode_accordion_item_title expanded_no'>8 PRESBYT\u00c8RE<span class='ico'><\/span><\/h5><div class='shortcode_accordion_item_body'><div class='ip'><div style=\"overflow: hidden;\">\r\n<p><img style=\"float: left; width: 150px; margin-right: 10px;\" src=\"\/wp-content\/uploads\/2016\/06\/presbiterio-150x150.jpg\" \/><\/p>\r\n<p style=\"font-size: 12px;\">Sainte Marie du Sanctuaire, connue aussi sous le nom de sainte Marie la Royale ou sainte Marie de Pampelune, est une taille de style roman du XIIe si&egrave;cle.<\/p>\r\n<p style=\"font-size: 20px;\"><a href=\"\/fr\/el-museo\/estancias\/presbiterio\/\">FICHE<\/a><\/p>\r\n<\/div><\/div><\/div><h5 data-count='10' class='shortcode_accordion_item_title expanded_no'>10 LE D\u00c9AMBULATOIRE<span class='ico'><\/span><\/h5><div class='shortcode_accordion_item_body'><div class='ip'><div style=\"overflow: hidden;\">\r\n<p><img style=\"float: left; width: 150px; margin-right: 10px;\" src=\"\/wp-content\/uploads\/2016\/06\/girola01-150x150.jpg\" \/><\/p>\r\n<p style=\"font-size: 12px;\">Chapelle Sandoval, retable de San Agust&iacute;n, retable des Capellans, retable de San Fermin, retable de Saint Thomas, retable de La Piedad.<\/p>\r\n<p style=\"font-size: 20px;\"><a href=\"\/fr\/el-museo\/estancias\/girola\/\">FICHE<\/a><\/p>\r\n<\/div><\/div><\/div><h5 data-count='11' class='shortcode_accordion_item_title expanded_no'>13 CHAPELLE DU TR\u00c8S SAINT<span class='ico'><\/span><\/h5><div class='shortcode_accordion_item_body'><div class='ip'><div style=\"overflow: hidden;\">\r\n<p><img style=\"float: left; width: 150px; margin-right: 10px;\" src=\"\/wp-content\/uploads\/2016\/06\/capilla-del-santisimo01-150x150.jpg\" \/><\/p>\r\n<p style=\"font-size: 12px;\">Le retable de saint Gr&eacute;goire abrite le Tr&egrave;s Saint Sacrement et, &agrave; c&ocirc;t&eacute; du retable, sur le mur ext&eacute;rieur, se trouve la peinture de saint Blaise. L&rsquo;ancienne grille du ch&oelig;ur (1540) fait office de fermeture.<\/p>\r\n<p style=\"font-size: 20px;\"><a href=\"\/fr\/el-museo\/estancias\/capilla-del-santisimo\/\">FICHE<\/a><\/p>\r\n<\/div><\/div><\/div><\/div><\/div><!-- .module_cont --><div style='padding-bottom:50px;' class='span6  module_number_7 module_cont  module_accordion'><div class='shortcode_accordion_shortcode accordion'><h5 data-count='1' class='shortcode_accordion_item_title expanded_no'>16 CELLIER<span class='ico'><\/span><\/h5><div class='shortcode_accordion_item_body'><div class='ip'><div style=\"overflow: hidden;\">\r\n<p><img style=\"float: left; width: 150px; margin-right: 10px;\" src=\"\/wp-content\/uploads\/2016\/06\/cilleria01-150x150.jpg\" \/><\/p>\r\n<p style=\"font-size: 12px;\">Construite &agrave; la fin du XIe si&egrave;cle comme lieu de r&eacute;sidence des chanoines lors de leurs premi&egrave;res ann&eacute;es de vie en communaut&eacute;, c&rsquo;est l&rsquo;&eacute;dification la plus ancienne de la Cath&eacute;drale.<\/p>\r\n<p style=\"font-size: 20px;\"><a href=\"\/fr\/el-museo\/estancias\/cilleria\/\">FICHE<\/a><\/p>\r\n<\/div><\/div><\/div><h5 data-count='2' class='shortcode_accordion_item_title expanded_no'>18 CLO\u00ceTRE<span class='ico'><\/span><\/h5><div class='shortcode_accordion_item_body'><div class='ip'><div style=\"overflow: hidden;\">\r\n<p><img style=\"float: left; width: 150px; margin-right: 10px;\" src=\"\/wp-content\/uploads\/CLAUSTROTXIKIOK.jpg\" \/><\/p>\r\n<p style=\"font-size: 12px;\">C&rsquo;est l&rsquo;un des clo&icirc;tres les mieux conserv&eacute;s d&rsquo;Europe. La construction du clo&icirc;tre commence en 1280 et se prolonge jusqu&rsquo;en 1330.<\/p>\r\n<p style=\"font-size: 20px;\"><a href=\"\/fr\/el-museo\/estancias\/claustro-y-sobreclaustro\/\">FICHE<\/a><\/p>\r\n<\/div><\/div><\/div><h5 data-count='3' class='shortcode_accordion_item_title expanded_no'>19 ANCIENNE R\u00c9SIDENCE \u00c9PISCOPALE<span class='ico'><\/span><\/h5><div class='shortcode_accordion_item_body'><div class='ip'><div style=\"overflow: hidden;\">\r\n<p><img style=\"float: left; width: 150px; margin-right: 10px;\" src=\"\/wp-content\/uploads\/2016\/06\/dormitorio01-150x150.jpg\" \/><\/p>\r\n<p style=\"font-size: 12px;\">Elle se compose de diff&eacute;rentes pi&egrave;ces qui formaient le palais &eacute;piscopal de l&rsquo;&eacute;v&ecirc;que du XIIe si&egrave;cle au premier tiers du XVe si&egrave;cle.<\/p>\r\n<p style=\"font-size: 20px;\"><a href=\"\/fr\/el-museo\/estancias\/antigua-residencia-episcopal\/\">FICHE<\/a><\/p>\r\n<\/div><\/div><\/div><h5 data-count='4' class='shortcode_accordion_item_title expanded_no'>29 R\u00c9FECTOIRE<span class='ico'><\/span><\/h5><div class='shortcode_accordion_item_body'><div class='ip'><div style=\"overflow: hidden;\">\r\n<p><img style=\"float: left; width: 150px; margin-right: 10px;\" src=\"\/wp-content\/uploads\/2016\/06\/refectorio-150x150.jpg\" \/><\/p>\r\n<p style=\"font-size: 12px;\">Ancienne salle &agrave; manger des chanoines construite aux environs de 1330 et 1335. Elle a &eacute;galement servi comme salle de r&eacute;unions des Cours Royales.<\/p>\r\n<p style=\"font-size: 20px;\"><a href=\"\/fr\/el-museo\/estancias\/refectorio\/\">FICHE<\/a><\/p>\r\n<\/div><\/div><\/div><h5 data-count='5' class='shortcode_accordion_item_title expanded_no'>30 CUISINE<span class='ico'><\/span><\/h5><div class='shortcode_accordion_item_body'><div class='ip'><div style=\"overflow: hidden;\">\r\n<p><img style=\"float: left; width: 150px; margin-right: 10px;\" src=\"\/wp-content\/uploads\/2016\/06\/cocina01-150x150.jpg\" \/><\/p>\r\n<p style=\"font-size: 12px;\">Elle est contigu&euml; au r&eacute;fectoire et remonte aux environs de 1330 et 1335. Elle dispose de quatre sorties de fum&eacute;e lat&eacute;rales et d&rsquo;une centrale, plus grande, qui atteint vingt-sept m&egrave;tres de hauteur.<\/p>\r\n<p style=\"font-size: 20px;\"><a href=\"\/fr\/el-museo\/estancias\/cocina\/\">FICHE<\/a><\/p>\r\n<\/div><\/div><\/div><h5 data-count='6' class='shortcode_accordion_item_title expanded_no'>32 CHAPELLE BARBAZANA<span class='ico'><\/span><\/h5><div class='shortcode_accordion_item_body'><div class='ip'><div style=\"overflow: hidden;\">\r\n<p><img style=\"float: left; width: 150px; margin-right: 10px;\" src=\"\/wp-content\/uploads\/2016\/06\/capilla.barbazana01-150x150.jpg\" \/><\/p>\r\n<p style=\"font-size: 12px;\">&Agrave; l&rsquo;origine Salle Capitulaire. Au centre se trouve le s&eacute;pulcre de l&rsquo;&eacute;v&ecirc;que Arnaldo de Barbaz&aacute;n du XIVe si&egrave;cle et derri&egrave;re l&rsquo;autel on peut voir la taille de la Vierge de la Consolation du m&ecirc;me si&egrave;cle..<\/p>\r\n<p style=\"font-size: 20px;\"><a href=\"\/fr\/el-museo\/estancias\/capilla-barbazana\/\">FICHE<\/a><\/p>\r\n<\/div><\/div><\/div><h5 data-count='7' class='shortcode_accordion_item_title expanded_no'>34 CHAPELLE DE SAINT JEAN L\u00b4EVANG\u00c9LISTE<span class='ico'><\/span><\/h5><div class='shortcode_accordion_item_body'><div class='ip'><div style=\"overflow: hidden;\">\r\n<p><img style=\"float: left; width: 150px; margin-right: 10px;\" src=\"\/wp-content\/uploads\/2016\/06\/capilla-de-san-juan-evangelista01-150x150.jpg\" \/><\/p>\r\n<p style=\"font-size: 12px;\">Le s&eacute;pulcre de Sancho Sanchiz de Oteiza, fondateur de cette chapelle, est une &oelig;uvre de Jehan Lome (auteur du Mausol&eacute;e Royal) r&eacute;alis&eacute;e entre 1420 et 1425.<\/p>\r\n<p style=\"font-size: 20px;\"><a href=\"\/fr\/el-museo\/estancias\/capilla-de-san-juan-evangelista\/\">FICHE<\/a><\/p>\r\n<\/div><\/div><\/div><h5 data-count='8' class='shortcode_accordion_item_title expanded_no'>35 CHAPELLE DE SAINTE CATHERINE<span class='ico'><\/span><\/h5><div class='shortcode_accordion_item_body'><div class='ip'><div style=\"overflow: hidden;\">\r\n<p><img style=\"float: left; width: 150px; margin-right: 10px;\" src=\"\/wp-content\/uploads\/2016\/06\/capilla-de-santa-catalina01-150x150.jpg\" \/><\/p>\r\n<p style=\"font-size: 12px;\">C&rsquo;est, depuis le XIVe si&egrave;cle, la chapelle de la confr&eacute;rie de cette sainte. Le retable de 1690 pr&eacute;domine, avec des tailles de diff&eacute;rents saints.<\/p>\r\n<p style=\"font-size: 20px;\"><a href=\"\/fr\/el-museo\/estancias\/capilla-de-santa-catalina\/\">FICHE<\/a><\/p>\r\n<\/div><\/div><\/div><h5 data-count='9' class='shortcode_accordion_item_title expanded_no'>37 CLOCHES TOUR SUD<span class='ico'><\/span><\/h5><div class='shortcode_accordion_item_body'><div class='ip'><div style=\"overflow: hidden;\">\r\n<p><img style=\"float: left; width: 150px; margin-right: 10px;\" src=\"\/wp-content\/uploads\/2016\/05\/torres-150x150.jpg\" \/><\/p>\r\n<p style=\"font-size: 12px;\">Cloche de neuf heures, cloche de Cimbalilla, cloche de La Juana, cloche d'argent, cloche de pri&egrave;re, cloche de Gabriela, cloche de la maternelle, cloche de Santa B&aacute;rbara.<\/p>\r\n<p style=\"font-size: 20px;\"><a href=\"\/fr\/el-museo\/estancias\/campanas-torre-sur\/\">FICHE<\/a><\/p>\r\n<\/div><\/div><\/div><h5 data-count='10' class='shortcode_accordion_item_title expanded_no'>39 PORTE DE SAINT JOSEPH<span class='ico'><\/span><\/h5><div class='shortcode_accordion_item_body'><div class='ip'><div style=\"overflow: hidden;\">\r\n<p><img style=\"float: left; width: 150px; margin-right: 10px;\" src=\"\/wp-content\/uploads\/2016\/06\/puerta-de-san-jose01-150x150.jpg\" \/><\/p>\r\n<p style=\"font-size: 12px;\">Seule porte de style gothique (vers 1425) conserv&eacute;e &agrave; l&rsquo;ext&eacute;rieur.<\/p>\r\n<p style=\"font-size: 20px;\"><a href=\"\/fr\/el-museo\/estancias\/puerta-de-san-jose\/\">FICHE<\/a><\/p>\r\n<\/div><\/div><\/div><h5 data-count='11' class='shortcode_accordion_item_title expanded_no'>40 SACRISTIE MAJEURE<span class='ico'><\/span><\/h5><div class='shortcode_accordion_item_body'><div class='ip'><div style=\"overflow: hidden;\">\r\n<p><img style=\"float: left; width: 150px; margin-right: 10px;\" src=\"\/wp-content\/uploads\/2016\/06\/sacristia.mayor01-1-150x150.jpg\" \/><\/p>\r\n<p style=\"font-size: 12px;\">Elle a &eacute;t&eacute; construite au XVIe si&egrave;cle et d&eacute;cor&eacute;e selon le style rococo, entre 1760 et 1770. Elle est richement d&eacute;cor&eacute;e, comme le veut ce style, &agrave; remarquer l&rsquo;importance accord&eacute;e &agrave; la sym&eacute;trie ornementale.<\/p>\r\n<p style=\"font-size: 20px;\"><a href=\"\/fr\/el-museo\/estancias\/sacristia-mayor\/\">FICHE<\/a><\/p>\r\n<\/div><\/div><\/div><\/div><\/div><!-- .module_cont --><\/div><div class='row'><div style='padding-bottom:50px;' class='span4  module_number_8 module_cont  module_promo_text'><div class='bg_title'><h5 style='' class='headInModule'>EXPOSITION OCCIDENS<\/h5><\/div>\n\t\t\t<div class=\"shortcode_promoblock  no_main_text  no_button_text  no_button_link \">\n\t\t\t\t<div class=\"promoblock_wrapper\">\n\t\t\t\t\t<div class=\"promo_text_block\">\n\t\t\t\t\t\t<div class=\"promo_text_block_wrapper\">\n\t\t\t\t\t\t\t<h3  class='promo_title'><\/h3>\n\t\t\t\t\t\t\t<span ><a href=\u201c\/fr\/el-museo\/exposicion-occidens\/\" \/><img src=\"https:\/\/www.catedraldepamplona.com\/wp-content\/uploads\/OCCIDENSTXIKI.webp\" width=\"300px\"\/><\/a><br><a<br \/>D\u00e9couvrez les origines<br \/><a href=\"\/fr\/el-museo\/exposicion-occidens\/\">Plus d`informations<\/a><\/span>\n\t\t\t\t\t\t<\/div>\n\t\t\t\t\t<\/div>\n\t\t\t\t\t\t\n\t\t\t\t<\/div>\n\t\t\t<\/div>\n            <div class=\"clear\"><\/div>\n\t\t\t<\/div><!-- .module_cont --><div style='padding-bottom:50px;' class='span4  module_number_9 module_cont  module_promo_text'><div class='bg_title'><h5 style='' class='headInModule'>\u00c9v\u00e9nements MICE<\/h5><\/div>\n\t\t\t<div class=\"shortcode_promoblock  no_main_text  no_button_text  no_button_link \">\n\t\t\t\t<div class=\"promoblock_wrapper\">\n\t\t\t\t\t<div class=\"promo_text_block\">\n\t\t\t\t\t\t<div class=\"promo_text_block_wrapper\">\n\t\t\t\t\t\t\t<h3  class='promo_title'><\/h3>\n\t\t\t\t\t\t\t<span ><a href=\u201c\/fr\/el-museo\/eventos-mice\/\" \/><img src=\"https:\/\/www.catedraldepamplona.com\/wp-content\/uploads\/MICETXIKI.webp\" width=\"300px\"\/><\/a><br><a<br \/>La Cath\u00e9drale du congr\u00e8s<br \/><a href=\"\/fr\/el-museo\/eventos-mice\/\/\">Organiser un \u00e9v\u00e9nement<\/a><\/span>\n\t\t\t\t\t\t<\/div>\n\t\t\t\t\t<\/div>\n\t\t\t\t\t\t\n\t\t\t\t<\/div>\n\t\t\t<\/div>\n            <div class=\"clear\"><\/div>\n\t\t\t<\/div><!-- .module_cont --><div style='padding-bottom:50px;' class='span4  module_number_10 module_cont  module_promo_text'><div class='bg_title'><h5 style='' class='headInModule'>MAISON SONNEUR CLOCHES<\/h5><\/div>\n\t\t\t<div class=\"shortcode_promoblock  no_main_text  no_button_text  no_button_link \">\n\t\t\t\t<div class=\"promoblock_wrapper\">\n\t\t\t\t\t<div class=\"promo_text_block\">\n\t\t\t\t\t\t<div class=\"promo_text_block_wrapper\">\n\t\t\t\t\t\t\t<h3  class='promo_title'><\/h3>\n\t\t\t\t\t\t\t<span ><a href=\u201c\/fr\/el-museo\/casa-del-campanero\/\u201c \/><img src=\"https:\/\/www.catedraldepamplona.com\/wp-content\/uploads\/CAMPANEROTXIKI.webp\" width=\"300px\"\/><\/a><br><a<br \/>Un espace mus\u00e9e<br \/><a href=\"\/fr\/el-museo\/casa-del-campanero\">Plus d`informations<\/a><\/span>\n\t\t\t\t\t\t<\/div>\n\t\t\t\t\t<\/div>\n\t\t\t\t\t\t\n\t\t\t\t<\/div>\n\t\t\t<\/div>\n            <div class=\"clear\"><\/div>\n\t\t\t<\/div><!-- .module_cont --><\/div><div class='row'><div style='padding-bottom:50px;' class='span4  module_number_11 module_cont  module_promo_text'><div class='bg_title'><h5 style='' class='headInModule'>CATH\u00c9DRALE POUR ENFANTS<\/h5><\/div>\n\t\t\t<div class=\"shortcode_promoblock  no_main_text  no_button_text  no_button_link \">\n\t\t\t\t<div class=\"promoblock_wrapper\">\n\t\t\t\t\t<div class=\"promo_text_block\">\n\t\t\t\t\t\t<div class=\"promo_text_block_wrapper\">\n\t\t\t\t\t\t\t<h3  class='promo_title'><\/h3>\n\t\t\t\t\t\t\t<span ><a href=\u201c\/fr\/el-museo\/catedral-infantil\/\u201c \/><img src=\"https:\/\/www.catedraldepamplona.com\/wp-content\/uploads\/INFANTILTXIKI.webp\" width=\"300px\"\/><\/a><br><a<br \/>Les Hauteurs \u00e0 leur hauteur, exposition pour enfants.<br \/><a href=\"\/fr\/el-museo\/catedral-infantil\/\">Plus d`informations<\/a><\/span>\n\t\t\t\t\t\t<\/div>\n\t\t\t\t\t<\/div>\n\t\t\t\t\t\t\n\t\t\t\t<\/div>\n\t\t\t<\/div>\n            <div class=\"clear\"><\/div>\n\t\t\t<\/div><!-- .module_cont --><div style='padding-bottom:50px;' class='span4  module_number_12 module_cont  module_promo_text'><div class='bg_title'><h5 style='' class='headInModule'>Connais-nous<\/h5><\/div>\n\t\t\t<div class=\"shortcode_promoblock  no_main_text  no_button_text  no_button_link \">\n\t\t\t\t<div class=\"promoblock_wrapper\">\n\t\t\t\t\t<div class=\"promo_text_block\">\n\t\t\t\t\t\t<div class=\"promo_text_block_wrapper\">\n\t\t\t\t\t\t\t<h3  class='promo_title'><\/h3>\n\t\t\t\t\t\t\t<span ><a href=\u201c\/fr\/el-museo\/historia\/\u201c \/><img src=\"https:\/\/www.catedraldepamplona.com\/wp-content\/uploads\/CONOCENOSTXIKI.webp\" width=\"300px\"\/><\/a><br><a<br \/><a href=\"\/fr\/el-museo\/historia\/\">Histoire<\/a><br \/><a href=\"\/fr\/el-museo\/diccionario\/\">Dictionnaire<\/a><br \/><a href=\"\/fr\/el-museo\/nombres-propios\/\">Noms propes<\/a><\/span>\n\t\t\t\t\t\t<\/div>\n\t\t\t\t\t<\/div>\n\t\t\t\t\t\t\n\t\t\t\t<\/div>\n\t\t\t<\/div>\n            <div class=\"clear\"><\/div>\n\t\t\t<\/div><!-- .module_cont --><div style='padding-bottom:50px;' class='span4  module_number_13 module_cont  module_promo_text'><div class='bg_title'><h5 style='' class='headInModule'>WebCam<\/h5><\/div>\n\t\t\t<div class=\"shortcode_promoblock  no_main_text  no_button_text  no_button_link \">\n\t\t\t\t<div class=\"promoblock_wrapper\">\n\t\t\t\t\t<div class=\"promo_text_block\">\n\t\t\t\t\t\t<div class=\"promo_text_block_wrapper\">\n\t\t\t\t\t\t\t<h3  class='promo_title'><\/h3>\n\t\t\t\t\t\t\t<span ><a href=\u201c\/fr\/el-museo\/webcam\/\u201c \/><img src=\"https:\/\/www.catedraldepamplona.com\/wp-content\/uploads\/WEBCAMTXIKI.webp\" width=\"300px\"\/><\/a><br><a<br \/>Horizons de la Cath\u00e9drale, images de Pampelune<br \/><a href=\"\/fr\/el-museo\/webcam\/\/\">Voir les images<\/a><\/span>\n\t\t\t\t\t\t<\/div>\n\t\t\t\t\t<\/div>\n\t\t\t\t\t\t\n\t\t\t\t<\/div>\n\t\t\t<\/div>\n            <div class=\"clear\"><\/div>\n\t\t\t<\/div><!-- .module_cont --><\/div>","protected":false},"excerpt":{"rendered":"<p>HORAIRES DU MUS\u00c9E HORAIRE PRINTEMPS &#8211; \u00c9T\u00c9: A partir de la derni\u00e8re semaine de mars, du lundi au samedi. Ferm\u00e9 le dimanche Ouverture : 10h30 Dernier acc\u00e8s et fermeture billetterie : 18h Fermeture : 19h (lexpulsion des salles commence 15 minutes avant la fermeture) HORAIRES AUTOMNE &#8211; HIVER: A partir du derni\u00e8re semaine doctobre, du lundi au samedi. Dimanche ferm\u00e9 Ouverture : 10h30 Dernier acc\u00e8s et fermeture billetterie : 16h00 Fermeture : 17h00 (lexpulsion des salles commence 15 minutes avant la fermeture) VISITES GUID\u00c9ES EN ESPAGNOL:Avec mus\u00e9e ouvert 12:00h (Max. 25 personnes) MONT\u00c9E \u00c0 LA CLOCHE MAR\u00cdA: Tous les jours 11h15, apr\u00e8s avoir r\u00e9cup\u00e9r\u00e9 le num\u00e9ro, ferm\u00e9 les dimanches VISITES GUID\u00c9ES: consulter TARIF D\u2019ACC\u00c8S Adultes 5\u20ac Enfants moins de 7 ans 0\u20ac Enfants de 7 \u00e0 13 ans 3\u20ac P\u00e8lerins 3\u20ac G. d`\u00e9coliers +15 personnes 2,50\u20ac Pensionnaires 4\u20ac Carte jeunes 4\u20ac Groupes +15 personnes 4\u20ac Autres options consulter PLAN DE LA CATH\u00c9DRALE DE PAMPELUNE SALLES PRINCIPALES DE LA CATH\u00c9DRALE DE PAMPELUNE0 FA\u00c7ADE Construite entre 1782 et 1804 par Santos &Aacute;ngel Ochand&aacute;tegui selon le plan de Ventura Rodr&iacute;guez. FICHE 1 CLOCHES TOUR NORD Cloches des heures, Cloche des quartiers, Cloche Maria. FICHE 2 CHAPELLE DE SAINT JEAN BAPTISTE Ancienne paroisse de [&hellip;]<\/p>\n","protected":false},"author":1,"featured_media":0,"parent":0,"menu_order":0,"comment_status":"closed","ping_status":"closed","template":"","meta":{"_monsterinsights_skip_tracking":false,"_monsterinsights_sitenote_active":false,"_monsterinsights_sitenote_note":"","_monsterinsights_sitenote_category":0},"yoast_head":"<!-- This site is optimized with the Yoast SEO plugin v21.0 - https:\/\/yoast.com\/wordpress\/plugins\/seo\/ -->\n<title>LE MUS\u00c9E DE LA CATH\u00c9DRALE DE PAMPELUNE - Catedral de Pamplona<\/title>\n<meta name=\"robots\" content=\"index, follow, max-snippet:-1, max-image-preview:large, max-video-preview:-1\" \/>\n<link rel=\"canonical\" href=\"https:\/\/www.catedraldepamplona.com\/fr\/el-museo\/\" \/>\n<meta property=\"og:locale\" content=\"fr_FR\" \/>\n<meta property=\"og:type\" content=\"article\" \/>\n<meta property=\"og:title\" content=\"LE MUS\u00c9E DE LA CATH\u00c9DRALE DE PAMPELUNE - Catedral de Pamplona\" \/>\n<meta property=\"og:description\" content=\"HORAIRES DU MUS\u00c9E HORAIRE PRINTEMPS - \u00c9T\u00c9: A partir de la derni\u00e8re semaine de mars, du lundi au samedi. Ferm\u00e9 le dimanche Ouverture : 10h30 Dernier acc\u00e8s et fermeture billetterie : 18h Fermeture : 19h (lexpulsion des salles commence 15 minutes avant la fermeture) HORAIRES AUTOMNE - HIVER: A partir du derni\u00e8re semaine doctobre, du lundi au samedi. Dimanche ferm\u00e9 Ouverture : 10h30 Dernier acc\u00e8s et fermeture billetterie : 16h00 Fermeture : 17h00 (lexpulsion des salles commence 15 minutes avant la fermeture) VISITES GUID\u00c9ES EN ESPAGNOL:Avec mus\u00e9e ouvert 12:00h (Max. 25 personnes) MONT\u00c9E \u00c0 LA CLOCHE MAR\u00cdA: Tous les jours 11h15, apr\u00e8s avoir r\u00e9cup\u00e9r\u00e9 le num\u00e9ro, ferm\u00e9 les dimanches VISITES GUID\u00c9ES: consulter TARIF D\u2019ACC\u00c8S Adultes 5\u20ac Enfants moins de 7 ans 0\u20ac Enfants de 7 \u00e0 13 ans 3\u20ac P\u00e8lerins 3\u20ac G. d`\u00e9coliers +15 personnes 2,50\u20ac Pensionnaires 4\u20ac Carte jeunes 4\u20ac Groupes +15 personnes 4\u20ac Autres options consulter PLAN DE LA CATH\u00c9DRALE DE PAMPELUNE SALLES PRINCIPALES DE LA CATH\u00c9DRALE DE PAMPELUNE0 FA\u00c7ADE Construite entre 1782 et 1804 par Santos &Aacute;ngel Ochand&aacute;tegui selon le plan de Ventura Rodr&iacute;guez. FICHE 1 CLOCHES TOUR NORD Cloches des heures, Cloche des quartiers, Cloche Maria. FICHE 2 CHAPELLE DE SAINT JEAN BAPTISTE Ancienne paroisse de [&hellip;]\" \/>\n<meta property=\"og:url\" content=\"https:\/\/www.catedraldepamplona.com\/fr\/el-museo\/\" \/>\n<meta property=\"og:site_name\" content=\"Catedral de Pamplona\" \/>\n<meta property=\"article:modified_time\" content=\"2023-10-16T15:38:49+00:00\" \/>\n<meta name=\"twitter:card\" content=\"summary_large_image\" \/>\n<script type=\"application\/ld+json\" class=\"yoast-schema-graph\">{\"@context\":\"https:\/\/schema.org\",\"@graph\":[{\"@type\":\"WebPage\",\"@id\":\"https:\/\/www.catedraldepamplona.com\/fr\/el-museo\/\",\"url\":\"https:\/\/www.catedraldepamplona.com\/fr\/el-museo\/\",\"name\":\"LE MUS\u00c9E DE LA CATH\u00c9DRALE DE PAMPELUNE - Catedral de Pamplona\",\"isPartOf\":{\"@id\":\"https:\/\/www.catedraldepamplona.com\/#website\"},\"datePublished\":\"2016-05-30T08:13:15+00:00\",\"dateModified\":\"2023-10-16T15:38:49+00:00\",\"breadcrumb\":{\"@id\":\"https:\/\/www.catedraldepamplona.com\/fr\/el-museo\/#breadcrumb\"},\"inLanguage\":\"fr-FR\",\"potentialAction\":[{\"@type\":\"ReadAction\",\"target\":[\"https:\/\/www.catedraldepamplona.com\/fr\/el-museo\/\"]}]},{\"@type\":\"BreadcrumbList\",\"@id\":\"https:\/\/www.catedraldepamplona.com\/fr\/el-museo\/#breadcrumb\",\"itemListElement\":[{\"@type\":\"ListItem\",\"position\":1,\"name\":\"Portada\",\"item\":\"https:\/\/www.catedraldepamplona.com\/fr\/\"},{\"@type\":\"ListItem\",\"position\":2,\"name\":\"LE MUS\u00c9E DE LA CATH\u00c9DRALE DE PAMPELUNE\"}]},{\"@type\":\"WebSite\",\"@id\":\"https:\/\/www.catedraldepamplona.com\/#website\",\"url\":\"https:\/\/www.catedraldepamplona.com\/\",\"name\":\"Catedral de Pamplona\",\"description\":\"P\u00e1gina oficial de la Catedral de Pamplona\",\"potentialAction\":[{\"@type\":\"SearchAction\",\"target\":{\"@type\":\"EntryPoint\",\"urlTemplate\":\"https:\/\/www.catedraldepamplona.com\/?s={search_term_string}\"},\"query-input\":\"required name=search_term_string\"}],\"inLanguage\":\"fr-FR\"}]}<\/script>\n<!-- \/ Yoast SEO plugin. -->","yoast_head_json":{"title":"LE MUS\u00c9E DE LA CATH\u00c9DRALE DE PAMPELUNE - Catedral de Pamplona","robots":{"index":"index","follow":"follow","max-snippet":"max-snippet:-1","max-image-preview":"max-image-preview:large","max-video-preview":"max-video-preview:-1"},"canonical":"https:\/\/www.catedraldepamplona.com\/fr\/el-museo\/","og_locale":"fr_FR","og_type":"article","og_title":"LE MUS\u00c9E DE LA CATH\u00c9DRALE DE PAMPELUNE - Catedral de Pamplona","og_description":"HORAIRES DU MUS\u00c9E HORAIRE PRINTEMPS - \u00c9T\u00c9: A partir de la derni\u00e8re semaine de mars, du lundi au samedi. Ferm\u00e9 le dimanche Ouverture : 10h30 Dernier acc\u00e8s et fermeture billetterie : 18h Fermeture : 19h (lexpulsion des salles commence 15 minutes avant la fermeture) HORAIRES AUTOMNE - HIVER: A partir du derni\u00e8re semaine doctobre, du lundi au samedi. Dimanche ferm\u00e9 Ouverture : 10h30 Dernier acc\u00e8s et fermeture billetterie : 16h00 Fermeture : 17h00 (lexpulsion des salles commence 15 minutes avant la fermeture) VISITES GUID\u00c9ES EN ESPAGNOL:Avec mus\u00e9e ouvert 12:00h (Max. 25 personnes) MONT\u00c9E \u00c0 LA CLOCHE MAR\u00cdA: Tous les jours 11h15, apr\u00e8s avoir r\u00e9cup\u00e9r\u00e9 le num\u00e9ro, ferm\u00e9 les dimanches VISITES GUID\u00c9ES: consulter TARIF D\u2019ACC\u00c8S Adultes 5\u20ac Enfants moins de 7 ans 0\u20ac Enfants de 7 \u00e0 13 ans 3\u20ac P\u00e8lerins 3\u20ac G. d`\u00e9coliers +15 personnes 2,50\u20ac Pensionnaires 4\u20ac Carte jeunes 4\u20ac Groupes +15 personnes 4\u20ac Autres options consulter PLAN DE LA CATH\u00c9DRALE DE PAMPELUNE SALLES PRINCIPALES DE LA CATH\u00c9DRALE DE PAMPELUNE0 FA\u00c7ADE Construite entre 1782 et 1804 par Santos &Aacute;ngel Ochand&aacute;tegui selon le plan de Ventura Rodr&iacute;guez. FICHE 1 CLOCHES TOUR NORD Cloches des heures, Cloche des quartiers, Cloche Maria. FICHE 2 CHAPELLE DE SAINT JEAN BAPTISTE Ancienne paroisse de [&hellip;]","og_url":"https:\/\/www.catedraldepamplona.com\/fr\/el-museo\/","og_site_name":"Catedral de Pamplona","article_modified_time":"2023-10-16T15:38:49+00:00","twitter_card":"summary_large_image","schema":{"@context":"https:\/\/schema.org","@graph":[{"@type":"WebPage","@id":"https:\/\/www.catedraldepamplona.com\/fr\/el-museo\/","url":"https:\/\/www.catedraldepamplona.com\/fr\/el-museo\/","name":"LE MUS\u00c9E DE LA CATH\u00c9DRALE DE PAMPELUNE - Catedral de Pamplona","isPartOf":{"@id":"https:\/\/www.catedraldepamplona.com\/#website"},"datePublished":"2016-05-30T08:13:15+00:00","dateModified":"2023-10-16T15:38:49+00:00","breadcrumb":{"@id":"https:\/\/www.catedraldepamplona.com\/fr\/el-museo\/#breadcrumb"},"inLanguage":"fr-FR","potentialAction":[{"@type":"ReadAction","target":["https:\/\/www.catedraldepamplona.com\/fr\/el-museo\/"]}]},{"@type":"BreadcrumbList","@id":"https:\/\/www.catedraldepamplona.com\/fr\/el-museo\/#breadcrumb","itemListElement":[{"@type":"ListItem","position":1,"name":"Portada","item":"https:\/\/www.catedraldepamplona.com\/fr\/"},{"@type":"ListItem","position":2,"name":"LE MUS\u00c9E DE LA CATH\u00c9DRALE DE PAMPELUNE"}]},{"@type":"WebSite","@id":"https:\/\/www.catedraldepamplona.com\/#website","url":"https:\/\/www.catedraldepamplona.com\/","name":"Catedral de Pamplona","description":"P\u00e1gina oficial de la Catedral de Pamplona","potentialAction":[{"@type":"SearchAction","target":{"@type":"EntryPoint","urlTemplate":"https:\/\/www.catedraldepamplona.com\/?s={search_term_string}"},"query-input":"required name=search_term_string"}],"inLanguage":"fr-FR"}]}},"_links":{"self":[{"href":"https:\/\/www.catedraldepamplona.com\/fr\/wp-json\/wp\/v2\/pages\/1878"}],"collection":[{"href":"https:\/\/www.catedraldepamplona.com\/fr\/wp-json\/wp\/v2\/pages"}],"about":[{"href":"https:\/\/www.catedraldepamplona.com\/fr\/wp-json\/wp\/v2\/types\/page"}],"author":[{"embeddable":true,"href":"https:\/\/www.catedraldepamplona.com\/fr\/wp-json\/wp\/v2\/users\/1"}],"replies":[{"embeddable":true,"href":"https:\/\/www.catedraldepamplona.com\/fr\/wp-json\/wp\/v2\/comments?post=1878"}],"version-history":[{"count":4,"href":"https:\/\/www.catedraldepamplona.com\/fr\/wp-json\/wp\/v2\/pages\/1878\/revisions"}],"predecessor-version":[{"id":4923,"href":"https:\/\/www.catedraldepamplona.com\/fr\/wp-json\/wp\/v2\/pages\/1878\/revisions\/4923"}],"wp:attachment":[{"href":"https:\/\/www.catedraldepamplona.com\/fr\/wp-json\/wp\/v2\/media?parent=1878"}],"curies":[{"name":"wp","href":"https:\/\/api.w.org\/{rel}","templated":true}]}}