{"id":1659,"date":"2016-05-30T08:25:36","date_gmt":"2016-05-30T08:25:36","guid":{"rendered":"https:\/\/www.catedraldepamplona.com\/fr\/?page_id=1659"},"modified":"2023-10-13T09:12:10","modified_gmt":"2023-10-13T09:12:10","slug":"catedral-infantil","status":"publish","type":"page","link":"https:\/\/www.catedraldepamplona.com\/fr\/el-museo\/catedral-infantil\/","title":{"rendered":"CATH\u00c9DRALE POUR ENFANTS"},"content":{"rendered":"<p style=\"text-align: center;\"><strong>Les Hauteurs \u00e0 leur hauteur<\/strong><\/p>\n<p>La Cath\u00e9drale pour enfants est un hommage rendu \u00e0 l\u2019enfance, c\u2019est une semence pour le futur. Ici Myst\u00e8res et R\u00e9alit\u00e9s, qui sont la base de notre foi catholique, sont \u00e0 leur taille.<\/p>\n<p>Dix panneaux, \u00e9labor\u00e9s \u00e0 la taille des plus petits, mettent \u00e0 leur port\u00e9e certains \u00e9l\u00e9ments liturgiques et artistiques qui se trouvent dans la Cath\u00e9drale.<\/p>\n<p>Chacun d\u2019entre eux cache une petite cloche que les enfants doivent d\u00e9couvrir, au moyen d\u2019un jeu tout simple, pour parvenir \u00e0 une meilleure interaction entre message et personne.<\/p>\n<div class='row'><div style='padding-bottom:50px;' class='span12 first-module module_number_1 module_cont center_title module_gallery'><div class='list-of-images images_in_a_row_2'>\n                        <div class=\"gallery_item\">\n\t\t\t\t\t\t\t<div class=\"gallery_item_padding\">\n\t\t\t\t\t\t\t\t<div class=\"gallery_item_wrapper\"><a href=\"https:\/\/www.catedraldepamplona.com\/wp-content\/uploads\/2016\/05\/catedral.infantil39.jpg\" class=\"prettyPhoto\" rel=\"prettyPhoto[gallery1]\" title=\"\"><\/a><img class=\"gallery-stand-img\" src=\"https:\/\/www.catedraldepamplona.com\/wp-content\/uploads\/2016\/05\/catedral.infantil39-570x368.jpg\" alt=\"\" width=\"570\" height=\"368\">\n\t\t\t\t\t\t\t\t\t<div class=\"gallery_fadder\"><\/div>\n\t\t\t\t\t\t\t\t\t<span class=\"featured_items_ico\"><\/span>\n\t\t\t\t\t\t\t\t<\/div>\n\t\t\t\t\t\t\t<\/div>\n                        <\/div>\n                        \n                        <div class=\"gallery_item\">\n\t\t\t\t\t\t\t<div class=\"gallery_item_padding\">\n\t\t\t\t\t\t\t\t<div class=\"gallery_item_wrapper\"><a href=\"https:\/\/www.catedraldepamplona.com\/wp-content\/uploads\/2016\/05\/catedral.infantil40.jpg\" class=\"prettyPhoto\" rel=\"prettyPhoto[gallery1]\" title=\"\"><\/a><img class=\"gallery-stand-img\" src=\"https:\/\/www.catedraldepamplona.com\/wp-content\/uploads\/2016\/05\/catedral.infantil40-570x368.jpg\" alt=\"\" width=\"570\" height=\"368\">\n\t\t\t\t\t\t\t\t\t<div class=\"gallery_fadder\"><\/div>\n\t\t\t\t\t\t\t\t\t<span class=\"featured_items_ico\"><\/span>\n\t\t\t\t\t\t\t\t<\/div>\n\t\t\t\t\t\t\t<\/div>\n                        <\/div>\n                        \n                        <div class=\"gallery_item\">\n\t\t\t\t\t\t\t<div class=\"gallery_item_padding\">\n\t\t\t\t\t\t\t\t<div class=\"gallery_item_wrapper\"><a href=\"https:\/\/www.catedraldepamplona.com\/wp-content\/uploads\/2016\/05\/catedral.infantil41.jpg\" class=\"prettyPhoto\" rel=\"prettyPhoto[gallery1]\" title=\"\"><\/a><img class=\"gallery-stand-img\" src=\"https:\/\/www.catedraldepamplona.com\/wp-content\/uploads\/2016\/05\/catedral.infantil41-570x368.jpg\" alt=\"\" width=\"570\" height=\"368\">\n\t\t\t\t\t\t\t\t\t<div class=\"gallery_fadder\"><\/div>\n\t\t\t\t\t\t\t\t\t<span class=\"featured_items_ico\"><\/span>\n\t\t\t\t\t\t\t\t<\/div>\n\t\t\t\t\t\t\t<\/div>\n                        <\/div>\n                        \n                        <div class=\"gallery_item\">\n\t\t\t\t\t\t\t<div class=\"gallery_item_padding\">\n\t\t\t\t\t\t\t\t<div class=\"gallery_item_wrapper\"><a href=\"https:\/\/www.catedraldepamplona.com\/wp-content\/uploads\/2016\/05\/catedral.infantil42.jpg\" class=\"prettyPhoto\" rel=\"prettyPhoto[gallery1]\" title=\"\"><\/a><img class=\"gallery-stand-img\" src=\"https:\/\/www.catedraldepamplona.com\/wp-content\/uploads\/2016\/05\/catedral.infantil42-570x368.jpg\" alt=\"\" width=\"570\" height=\"368\">\n\t\t\t\t\t\t\t\t\t<div class=\"gallery_fadder\"><\/div>\n\t\t\t\t\t\t\t\t\t<span class=\"featured_items_ico\"><\/span>\n\t\t\t\t\t\t\t\t<\/div>\n\t\t\t\t\t\t\t<\/div>\n                        <\/div>\n                        \n                        <div class=\"gallery_item\">\n\t\t\t\t\t\t\t<div class=\"gallery_item_padding\">\n\t\t\t\t\t\t\t\t<div class=\"gallery_item_wrapper\"><a href=\"https:\/\/www.catedraldepamplona.com\/wp-content\/uploads\/2016\/05\/catedral.infantil43.jpg\" class=\"prettyPhoto\" rel=\"prettyPhoto[gallery1]\" title=\"\"><\/a><img class=\"gallery-stand-img\" src=\"https:\/\/www.catedraldepamplona.com\/wp-content\/uploads\/2016\/05\/catedral.infantil43-570x368.jpg\" alt=\"\" width=\"570\" height=\"368\">\n\t\t\t\t\t\t\t\t\t<div class=\"gallery_fadder\"><\/div>\n\t\t\t\t\t\t\t\t\t<span class=\"featured_items_ico\"><\/span>\n\t\t\t\t\t\t\t\t<\/div>\n\t\t\t\t\t\t\t<\/div>\n                        <\/div>\n                        \n                        <div class=\"gallery_item\">\n\t\t\t\t\t\t\t<div class=\"gallery_item_padding\">\n\t\t\t\t\t\t\t\t<div class=\"gallery_item_wrapper\"><a href=\"https:\/\/www.catedraldepamplona.com\/wp-content\/uploads\/2016\/05\/catedral.infantil44.jpg\" class=\"prettyPhoto\" rel=\"prettyPhoto[gallery1]\" title=\"\"><\/a><img class=\"gallery-stand-img\" src=\"https:\/\/www.catedraldepamplona.com\/wp-content\/uploads\/2016\/05\/catedral.infantil44-570x368.jpg\" alt=\"\" width=\"570\" height=\"368\">\n\t\t\t\t\t\t\t\t\t<div class=\"gallery_fadder\"><\/div>\n\t\t\t\t\t\t\t\t\t<span class=\"featured_items_ico\"><\/span>\n\t\t\t\t\t\t\t\t<\/div>\n\t\t\t\t\t\t\t<\/div>\n                        <\/div>\n                        \n                        <div class=\"gallery_item\">\n\t\t\t\t\t\t\t<div class=\"gallery_item_padding\">\n\t\t\t\t\t\t\t\t<div class=\"gallery_item_wrapper\"><a href=\"https:\/\/www.catedraldepamplona.com\/wp-content\/uploads\/2016\/05\/catedral.infantil45.jpg\" class=\"prettyPhoto\" rel=\"prettyPhoto[gallery1]\" title=\"\"><\/a><img class=\"gallery-stand-img\" src=\"https:\/\/www.catedraldepamplona.com\/wp-content\/uploads\/2016\/05\/catedral.infantil45-570x368.jpg\" alt=\"\" width=\"570\" height=\"368\">\n\t\t\t\t\t\t\t\t\t<div class=\"gallery_fadder\"><\/div>\n\t\t\t\t\t\t\t\t\t<span class=\"featured_items_ico\"><\/span>\n\t\t\t\t\t\t\t\t<\/div>\n\t\t\t\t\t\t\t<\/div>\n                        <\/div>\n                        \n                        <div class=\"gallery_item\">\n\t\t\t\t\t\t\t<div class=\"gallery_item_padding\">\n\t\t\t\t\t\t\t\t<div class=\"gallery_item_wrapper\"><a href=\"https:\/\/www.catedraldepamplona.com\/wp-content\/uploads\/2016\/05\/catedral.infantil46.jpg\" class=\"prettyPhoto\" rel=\"prettyPhoto[gallery1]\" title=\"\"><\/a><img class=\"gallery-stand-img\" src=\"https:\/\/www.catedraldepamplona.com\/wp-content\/uploads\/2016\/05\/catedral.infantil46-570x368.jpg\" alt=\"\" width=\"570\" height=\"368\">\n\t\t\t\t\t\t\t\t\t<div class=\"gallery_fadder\"><\/div>\n\t\t\t\t\t\t\t\t\t<span class=\"featured_items_ico\"><\/span>\n\t\t\t\t\t\t\t\t<\/div>\n\t\t\t\t\t\t\t<\/div>\n                        <\/div>\n                        \n                        <div class=\"gallery_item\">\n\t\t\t\t\t\t\t<div class=\"gallery_item_padding\">\n\t\t\t\t\t\t\t\t<div class=\"gallery_item_wrapper\"><a href=\"https:\/\/www.catedraldepamplona.com\/wp-content\/uploads\/2016\/05\/catedral.infantil47.jpg\" class=\"prettyPhoto\" rel=\"prettyPhoto[gallery1]\" title=\"\"><\/a><img class=\"gallery-stand-img\" src=\"https:\/\/www.catedraldepamplona.com\/wp-content\/uploads\/2016\/05\/catedral.infantil47-570x368.jpg\" alt=\"\" width=\"570\" height=\"368\">\n\t\t\t\t\t\t\t\t\t<div class=\"gallery_fadder\"><\/div>\n\t\t\t\t\t\t\t\t\t<span class=\"featured_items_ico\"><\/span>\n\t\t\t\t\t\t\t\t<\/div>\n\t\t\t\t\t\t\t<\/div>\n                        <\/div>\n                        \n                        <div class=\"gallery_item\">\n\t\t\t\t\t\t\t<div class=\"gallery_item_padding\">\n\t\t\t\t\t\t\t\t<div class=\"gallery_item_wrapper\"><a href=\"https:\/\/www.catedraldepamplona.com\/wp-content\/uploads\/2016\/05\/catedral.infantil48.jpg\" class=\"prettyPhoto\" rel=\"prettyPhoto[gallery1]\" title=\"\"><\/a><img class=\"gallery-stand-img\" src=\"https:\/\/www.catedraldepamplona.com\/wp-content\/uploads\/2016\/05\/catedral.infantil48-570x368.jpg\" alt=\"\" width=\"570\" height=\"368\">\n\t\t\t\t\t\t\t\t\t<div class=\"gallery_fadder\"><\/div>\n\t\t\t\t\t\t\t\t\t<span class=\"featured_items_ico\"><\/span>\n\t\t\t\t\t\t\t\t<\/div>\n\t\t\t\t\t\t\t<\/div>\n                        <\/div>\n                        \n            <div class='clear'><\/div>\n            <\/div>\n            <\/div><!-- .module_cont --><\/div><div class='row'><div style='padding-bottom:50px;' class='span8  module_number_2 module_cont  module_video'><div class='bg_title'><h4 style='' class='headInModule'>V\u00cdD\u00c9O<\/h4><\/div><div class=\"wrapped_video\"><div id='player4042'><\/div><\/div><\/div><!-- .module_cont --><div style='padding-bottom:50px;' class='span4  module_number_3 module_cont  module_promo_text'>\n\t\t\t<div class=\"shortcode_promoblock  no_button_text  no_button_link \">\n\t\t\t\t<div class=\"promoblock_wrapper\">\n\t\t\t\t\t<div class=\"promo_text_block\">\n\t\t\t\t\t\t<div class=\"promo_text_block_wrapper\">\n\t\t\t\t\t\t\t<h3  class='promo_title'>NOUS NE DEVONS JAMAIS CESSER D`\u00caTRE DES ENFANTS.<\/h3>\n\t\t\t\t\t\t\t<span >Ressentez ce qu`ils ressentent et exprimez ces sentiments avec leur simplicit\u00e9, avec leur look \u00e9pur\u00e9, avec leur innocence immacul\u00e9e. La Cath\u00e9drale des Enfants est un hommage \u00e0 l`enfance, elle est un germe vers l`avenir, pla\u00e7ant \u00e0 son apog\u00e9e les Myst\u00e8res et les R\u00e9alit\u00e9s qui sont \u00e0 la base de notre foi catholique.<\/span>\n\t\t\t\t\t\t<\/div>\n\t\t\t\t\t<\/div>\n\t\t\t\t\t\t\n\t\t\t\t<\/div>\n\t\t\t<\/div>\n            <div class=\"clear\"><\/div>\n\t\t\t<\/div><!-- .module_cont --><\/div>","protected":false},"excerpt":{"rendered":"<p>Les Hauteurs \u00e0 leur hauteur La Cath\u00e9drale pour enfants est un hommage rendu \u00e0 l\u2019enfance, c\u2019est une semence pour le futur. Ici Myst\u00e8res et R\u00e9alit\u00e9s, qui sont la base de notre foi catholique, sont \u00e0 leur taille. Dix panneaux, \u00e9labor\u00e9s \u00e0 la taille des plus petits, mettent \u00e0 leur port\u00e9e certains \u00e9l\u00e9ments liturgiques et artistiques qui se trouvent dans la Cath\u00e9drale. Chacun d\u2019entre eux cache une petite cloche que les enfants doivent d\u00e9couvrir, au moyen d\u2019un jeu tout simple, pour parvenir \u00e0 une meilleure interaction entre message et personne. V\u00cdD\u00c9O NOUS NE DEVONS JAMAIS CESSER D`\u00caTRE DES ENFANTS. Ressentez ce qu`ils ressentent et exprimez ces sentiments avec leur simplicit\u00e9, avec leur look \u00e9pur\u00e9, avec leur innocence immacul\u00e9e. La Cath\u00e9drale des Enfants est un hommage \u00e0 l`enfance, elle est un germe vers l`avenir, pla\u00e7ant \u00e0 son apog\u00e9e les Myst\u00e8res et les R\u00e9alit\u00e9s qui sont \u00e0 la base de notre foi catholique.<\/p>\n","protected":false},"author":1,"featured_media":0,"parent":1878,"menu_order":0,"comment_status":"closed","ping_status":"closed","template":"","meta":{"_monsterinsights_skip_tracking":false,"_monsterinsights_sitenote_active":false,"_monsterinsights_sitenote_note":"","_monsterinsights_sitenote_category":0},"yoast_head":"<!-- This site is optimized with the Yoast SEO plugin v21.0 - https:\/\/yoast.com\/wordpress\/plugins\/seo\/ -->\n<title>CATH\u00c9DRALE POUR ENFANTS - Catedral de Pamplona<\/title>\n<meta name=\"robots\" content=\"index, follow, max-snippet:-1, max-image-preview:large, max-video-preview:-1\" \/>\n<link rel=\"canonical\" href=\"https:\/\/www.catedraldepamplona.com\/fr\/el-museo\/catedral-infantil\/\" \/>\n<meta property=\"og:locale\" content=\"fr_FR\" \/>\n<meta property=\"og:type\" content=\"article\" \/>\n<meta property=\"og:title\" content=\"CATH\u00c9DRALE POUR ENFANTS - Catedral de Pamplona\" \/>\n<meta property=\"og:description\" content=\"Les Hauteurs \u00e0 leur hauteur La Cath\u00e9drale pour enfants est un hommage rendu \u00e0 l\u2019enfance, c\u2019est une semence pour le futur. Ici Myst\u00e8res et R\u00e9alit\u00e9s, qui sont la base de notre foi catholique, sont \u00e0 leur taille. Dix panneaux, \u00e9labor\u00e9s \u00e0 la taille des plus petits, mettent \u00e0 leur port\u00e9e certains \u00e9l\u00e9ments liturgiques et artistiques qui se trouvent dans la Cath\u00e9drale. Chacun d\u2019entre eux cache une petite cloche que les enfants doivent d\u00e9couvrir, au moyen d\u2019un jeu tout simple, pour parvenir \u00e0 une meilleure interaction entre message et personne. V\u00cdD\u00c9O NOUS NE DEVONS JAMAIS CESSER D`\u00caTRE DES ENFANTS. Ressentez ce qu`ils ressentent et exprimez ces sentiments avec leur simplicit\u00e9, avec leur look \u00e9pur\u00e9, avec leur innocence immacul\u00e9e. La Cath\u00e9drale des Enfants est un hommage \u00e0 l`enfance, elle est un germe vers l`avenir, pla\u00e7ant \u00e0 son apog\u00e9e les Myst\u00e8res et les R\u00e9alit\u00e9s qui sont \u00e0 la base de notre foi catholique.\" \/>\n<meta property=\"og:url\" content=\"https:\/\/www.catedraldepamplona.com\/fr\/el-museo\/catedral-infantil\/\" \/>\n<meta property=\"og:site_name\" content=\"Catedral de Pamplona\" \/>\n<meta property=\"article:modified_time\" content=\"2023-10-13T09:12:10+00:00\" \/>\n<meta name=\"twitter:card\" content=\"summary_large_image\" \/>\n<meta name=\"twitter:label1\" content=\"Dur\u00e9e de lecture estim\u00e9e\" \/>\n\t<meta name=\"twitter:data1\" content=\"1 minute\" \/>\n<script type=\"application\/ld+json\" class=\"yoast-schema-graph\">{\"@context\":\"https:\/\/schema.org\",\"@graph\":[{\"@type\":\"WebPage\",\"@id\":\"https:\/\/www.catedraldepamplona.com\/fr\/el-museo\/catedral-infantil\/\",\"url\":\"https:\/\/www.catedraldepamplona.com\/fr\/el-museo\/catedral-infantil\/\",\"name\":\"CATH\u00c9DRALE POUR ENFANTS - Catedral de Pamplona\",\"isPartOf\":{\"@id\":\"https:\/\/www.catedraldepamplona.com\/#website\"},\"datePublished\":\"2016-05-30T08:25:36+00:00\",\"dateModified\":\"2023-10-13T09:12:10+00:00\",\"breadcrumb\":{\"@id\":\"https:\/\/www.catedraldepamplona.com\/fr\/el-museo\/catedral-infantil\/#breadcrumb\"},\"inLanguage\":\"fr-FR\",\"potentialAction\":[{\"@type\":\"ReadAction\",\"target\":[\"https:\/\/www.catedraldepamplona.com\/fr\/el-museo\/catedral-infantil\/\"]}]},{\"@type\":\"BreadcrumbList\",\"@id\":\"https:\/\/www.catedraldepamplona.com\/fr\/el-museo\/catedral-infantil\/#breadcrumb\",\"itemListElement\":[{\"@type\":\"ListItem\",\"position\":1,\"name\":\"Portada\",\"item\":\"https:\/\/www.catedraldepamplona.com\/fr\/\"},{\"@type\":\"ListItem\",\"position\":2,\"name\":\"LE MUS\u00c9E DE LA CATH\u00c9DRALE DE PAMPELUNE\",\"item\":\"https:\/\/www.catedraldepamplona.com\/fr\/el-museo\/\"},{\"@type\":\"ListItem\",\"position\":3,\"name\":\"CATH\u00c9DRALE POUR ENFANTS\"}]},{\"@type\":\"WebSite\",\"@id\":\"https:\/\/www.catedraldepamplona.com\/#website\",\"url\":\"https:\/\/www.catedraldepamplona.com\/\",\"name\":\"Catedral de Pamplona\",\"description\":\"P\u00e1gina oficial de la Catedral de Pamplona\",\"potentialAction\":[{\"@type\":\"SearchAction\",\"target\":{\"@type\":\"EntryPoint\",\"urlTemplate\":\"https:\/\/www.catedraldepamplona.com\/?s={search_term_string}\"},\"query-input\":\"required name=search_term_string\"}],\"inLanguage\":\"fr-FR\"}]}<\/script>\n<!-- \/ Yoast SEO plugin. -->","yoast_head_json":{"title":"CATH\u00c9DRALE POUR ENFANTS - Catedral de Pamplona","robots":{"index":"index","follow":"follow","max-snippet":"max-snippet:-1","max-image-preview":"max-image-preview:large","max-video-preview":"max-video-preview:-1"},"canonical":"https:\/\/www.catedraldepamplona.com\/fr\/el-museo\/catedral-infantil\/","og_locale":"fr_FR","og_type":"article","og_title":"CATH\u00c9DRALE POUR ENFANTS - Catedral de Pamplona","og_description":"Les Hauteurs \u00e0 leur hauteur La Cath\u00e9drale pour enfants est un hommage rendu \u00e0 l\u2019enfance, c\u2019est une semence pour le futur. Ici Myst\u00e8res et R\u00e9alit\u00e9s, qui sont la base de notre foi catholique, sont \u00e0 leur taille. Dix panneaux, \u00e9labor\u00e9s \u00e0 la taille des plus petits, mettent \u00e0 leur port\u00e9e certains \u00e9l\u00e9ments liturgiques et artistiques qui se trouvent dans la Cath\u00e9drale. Chacun d\u2019entre eux cache une petite cloche que les enfants doivent d\u00e9couvrir, au moyen d\u2019un jeu tout simple, pour parvenir \u00e0 une meilleure interaction entre message et personne. V\u00cdD\u00c9O NOUS NE DEVONS JAMAIS CESSER D`\u00caTRE DES ENFANTS. Ressentez ce qu`ils ressentent et exprimez ces sentiments avec leur simplicit\u00e9, avec leur look \u00e9pur\u00e9, avec leur innocence immacul\u00e9e. La Cath\u00e9drale des Enfants est un hommage \u00e0 l`enfance, elle est un germe vers l`avenir, pla\u00e7ant \u00e0 son apog\u00e9e les Myst\u00e8res et les R\u00e9alit\u00e9s qui sont \u00e0 la base de notre foi catholique.","og_url":"https:\/\/www.catedraldepamplona.com\/fr\/el-museo\/catedral-infantil\/","og_site_name":"Catedral de Pamplona","article_modified_time":"2023-10-13T09:12:10+00:00","twitter_card":"summary_large_image","twitter_misc":{"Dur\u00e9e de lecture estim\u00e9e":"1 minute"},"schema":{"@context":"https:\/\/schema.org","@graph":[{"@type":"WebPage","@id":"https:\/\/www.catedraldepamplona.com\/fr\/el-museo\/catedral-infantil\/","url":"https:\/\/www.catedraldepamplona.com\/fr\/el-museo\/catedral-infantil\/","name":"CATH\u00c9DRALE POUR ENFANTS - Catedral de Pamplona","isPartOf":{"@id":"https:\/\/www.catedraldepamplona.com\/#website"},"datePublished":"2016-05-30T08:25:36+00:00","dateModified":"2023-10-13T09:12:10+00:00","breadcrumb":{"@id":"https:\/\/www.catedraldepamplona.com\/fr\/el-museo\/catedral-infantil\/#breadcrumb"},"inLanguage":"fr-FR","potentialAction":[{"@type":"ReadAction","target":["https:\/\/www.catedraldepamplona.com\/fr\/el-museo\/catedral-infantil\/"]}]},{"@type":"BreadcrumbList","@id":"https:\/\/www.catedraldepamplona.com\/fr\/el-museo\/catedral-infantil\/#breadcrumb","itemListElement":[{"@type":"ListItem","position":1,"name":"Portada","item":"https:\/\/www.catedraldepamplona.com\/fr\/"},{"@type":"ListItem","position":2,"name":"LE MUS\u00c9E DE LA CATH\u00c9DRALE DE PAMPELUNE","item":"https:\/\/www.catedraldepamplona.com\/fr\/el-museo\/"},{"@type":"ListItem","position":3,"name":"CATH\u00c9DRALE POUR ENFANTS"}]},{"@type":"WebSite","@id":"https:\/\/www.catedraldepamplona.com\/#website","url":"https:\/\/www.catedraldepamplona.com\/","name":"Catedral de Pamplona","description":"P\u00e1gina oficial de la Catedral de Pamplona","potentialAction":[{"@type":"SearchAction","target":{"@type":"EntryPoint","urlTemplate":"https:\/\/www.catedraldepamplona.com\/?s={search_term_string}"},"query-input":"required name=search_term_string"}],"inLanguage":"fr-FR"}]}},"_links":{"self":[{"href":"https:\/\/www.catedraldepamplona.com\/fr\/wp-json\/wp\/v2\/pages\/1659"}],"collection":[{"href":"https:\/\/www.catedraldepamplona.com\/fr\/wp-json\/wp\/v2\/pages"}],"about":[{"href":"https:\/\/www.catedraldepamplona.com\/fr\/wp-json\/wp\/v2\/types\/page"}],"author":[{"embeddable":true,"href":"https:\/\/www.catedraldepamplona.com\/fr\/wp-json\/wp\/v2\/users\/1"}],"replies":[{"embeddable":true,"href":"https:\/\/www.catedraldepamplona.com\/fr\/wp-json\/wp\/v2\/comments?post=1659"}],"version-history":[{"count":3,"href":"https:\/\/www.catedraldepamplona.com\/fr\/wp-json\/wp\/v2\/pages\/1659\/revisions"}],"predecessor-version":[{"id":4951,"href":"https:\/\/www.catedraldepamplona.com\/fr\/wp-json\/wp\/v2\/pages\/1659\/revisions\/4951"}],"up":[{"embeddable":true,"href":"https:\/\/www.catedraldepamplona.com\/fr\/wp-json\/wp\/v2\/pages\/1878"}],"wp:attachment":[{"href":"https:\/\/www.catedraldepamplona.com\/fr\/wp-json\/wp\/v2\/media?parent=1659"}],"curies":[{"name":"wp","href":"https:\/\/api.w.org\/{rel}","templated":true}]}}