{"version":"1.0","provider_name":"Catedral de Pamplona","provider_url":"https:\/\/www.catedraldepamplona.com\/eu\/","author_name":"catedral","author_url":"https:\/\/www.catedraldepamplona.com\/eu\/author\/catedral\/","title":"Apertura del A\u00f1o de la Misericordia en Navarra - Catedral de Pamplona","type":"rich","width":600,"height":338,"html":"<blockquote class=\"wp-embedded-content\" data-secret=\"zeazwXrSgA\"><a href=\"https:\/\/www.catedraldepamplona.com\/eu\/categoria\/apertura-del-ano-la-misericordia-navarra\/\">Apertura del A\u00f1o de la Misericordia en Navarra<\/a><\/blockquote><iframe sandbox=\"allow-scripts\" security=\"restricted\" src=\"https:\/\/www.catedraldepamplona.com\/eu\/categoria\/apertura-del-ano-la-misericordia-navarra\/embed\/#?secret=zeazwXrSgA\" width=\"600\" height=\"338\" title=\"&#8220;Apertura del A\u00f1o de la Misericordia en Navarra&#8221; &#8212; Catedral de Pamplona\" data-secret=\"zeazwXrSgA\" frameborder=\"0\" marginwidth=\"0\" marginheight=\"0\" scrolling=\"no\" class=\"wp-embedded-content\"><\/iframe><script type=\"text\/javascript\">\n\/*! This file is auto-generated *\/\n!function(c,d){\"use strict\";var e=!1,o=!1;if(d.querySelector)if(c.addEventListener)e=!0;if(c.wp=c.wp||{},c.wp.receiveEmbedMessage);else if(c.wp.receiveEmbedMessage=function(e){var t=e.data;if(!t);else if(!(t.secret||t.message||t.value));else if(\/[^a-zA-Z0-9]\/.test(t.secret));else{for(var r,s,a,i=d.querySelectorAll('iframe[data-secret=\"'+t.secret+'\"]'),n=d.querySelectorAll('blockquote[data-secret=\"'+t.secret+'\"]'),o=new RegExp(\"^https?:$\",\"i\"),l=0;l<n.length;l++)n[l].style.display=\"none\";for(l=0;l<i.length;l++)if(r=i[l],e.source!==r.contentWindow);else{if(r.removeAttribute(\"style\"),\"height\"===t.message){if(1e3<(s=parseInt(t.value,10)))s=1e3;else if(~~s<200)s=200;r.height=s}if(\"link\"===t.message)if(s=d.createElement(\"a\"),a=d.createElement(\"a\"),s.href=r.getAttribute(\"src\"),a.href=t.value,!o.test(a.protocol));else if(a.host===s.host)if(d.activeElement===r)c.top.location.href=t.value}}},e)c.addEventListener(\"message\",c.wp.receiveEmbedMessage,!1),d.addEventListener(\"DOMContentLoaded\",t,!1),c.addEventListener(\"load\",t,!1);function t(){if(o);else{o=!0;for(var e,t,r,s=-1!==navigator.appVersion.indexOf(\"MSIE 10\"),a=!!navigator.userAgent.match(\/Trident.*rv:11\\.\/),i=d.querySelectorAll(\"iframe.wp-embedded-content\"),n=0;n<i.length;n++){if(!(r=(t=i[n]).getAttribute(\"data-secret\")))r=Math.random().toString(36).substr(2,10),t.src+=\"#?secret=\"+r,t.setAttribute(\"data-secret\",r);if(s||a)(e=t.cloneNode(!0)).removeAttribute(\"security\"),t.parentNode.replaceChild(e,t);t.contentWindow.postMessage({message:\"ready\",secret:r},\"*\")}}}}(window,document);\n<\/script>\n","description":"Este domingo 13 de diciembre, tercer domingo de adviento, a las 17 horas se celebrar\u00e1 en la catedral de Pamplona la apertura del A\u00f1o de la Misericordia en Navarra. Para ello, se realizar\u00e1 el rito de apertura de la Puerta de la Misericordia. Mons. Francisco P\u00e9rez presidir\u00e1 la celebraci\u00f3n, que se articular\u00e1 en cinco momentos: la &#8220;statio&#8221;, la procesi\u00f3n, la apertura de la Puerta de la misericordia y la entrada en la catedral, la memoria del Bautismo y la celebraci\u00f3n de la Eucarist\u00eda. El Jubileo Extraordinario de la Misericordia ha sido convocado por el Santo Padre Francisco \u00a0en la Bula Misericordiae Vultus."}